{"id":449,"date":"2020-09-20T10:40:40","date_gmt":"2020-09-20T10:40:40","guid":{"rendered":"http:\/\/insachenhaut.de\/?page_id=449"},"modified":"2026-03-27T13:58:46","modified_gmt":"2026-03-27T13:58:46","slug":"angebote","status":"publish","type":"page","link":"https:\/\/insachenhaut.de\/home\/","title":{"rendered":"Guten Tag!"},"content":{"rendered":"\t\t<div data-elementor-type=\"wp-page\" data-elementor-id=\"449\" class=\"elementor elementor-449\">\n\t\t\t\t\t\t\t\t\t<section class=\"elementor-section elementor-top-section elementor-element elementor-element-d334dc4 elementor-section-boxed elementor-section-height-default elementor-section-height-default\" data-id=\"d334dc4\" data-element_type=\"section\">\n\t\t\t\t\t\t<div class=\"elementor-container elementor-column-gap-default\">\n\t\t\t\t\t<div class=\"elementor-column elementor-col-33 elementor-top-column elementor-element elementor-element-26c17f4\" data-id=\"26c17f4\" data-element_type=\"column\">\n\t\t\t<div class=\"elementor-widget-wrap\">\n\t\t\t\t\t\t\t\t\t<\/div>\n\t\t<\/div>\n\t\t\t\t<div class=\"elementor-column elementor-col-33 elementor-top-column elementor-element elementor-element-2f94698\" data-id=\"2f94698\" data-element_type=\"column\">\n\t\t\t<div class=\"elementor-widget-wrap\">\n\t\t\t\t\t\t\t\t\t<\/div>\n\t\t<\/div>\n\t\t\t\t<div class=\"elementor-column elementor-col-33 elementor-top-column elementor-element elementor-element-f114598\" data-id=\"f114598\" data-element_type=\"column\">\n\t\t\t<div class=\"elementor-widget-wrap\">\n\t\t\t\t\t\t\t\t\t<\/div>\n\t\t<\/div>\n\t\t\t\t\t\t\t<\/div>\n\t\t<\/section>\n\t\t\t\t<section class=\"elementor-section elementor-top-section elementor-element elementor-element-b8c94aa elementor-section-boxed elementor-section-height-default elementor-section-height-default\" data-id=\"b8c94aa\" data-element_type=\"section\">\n\t\t\t\t\t\t<div class=\"elementor-container elementor-column-gap-default\">\n\t\t\t\t\t<div class=\"elementor-column elementor-col-100 elementor-top-column elementor-element elementor-element-5357972\" data-id=\"5357972\" data-element_type=\"column\">\n\t\t\t<div class=\"elementor-widget-wrap elementor-element-populated\">\n\t\t\t\t\t\t\t\t<section class=\"elementor-section elementor-inner-section elementor-element elementor-element-4b6c477 elementor-section-boxed elementor-section-height-default elementor-section-height-default\" data-id=\"4b6c477\" data-element_type=\"section\">\n\t\t\t\t\t\t<div class=\"elementor-container elementor-column-gap-default\">\n\t\t\t\t\t<div class=\"elementor-column elementor-col-66 elementor-inner-column elementor-element elementor-element-8825890\" data-id=\"8825890\" data-element_type=\"column\">\n\t\t\t<div class=\"elementor-widget-wrap elementor-element-populated\">\n\t\t\t\t\t\t\t\t<div class=\"elementor-element elementor-element-1fecbfc elementor-widget__width-initial elementor-widget elementor-widget-text-editor\" data-id=\"1fecbfc\" data-element_type=\"widget\" data-widget_type=\"text-editor.default\">\n\t\t\t\t<div class=\"elementor-widget-container\">\n\t\t\t\t\t\t\t<p><strong>Willkommen bei insachenhaut.de \u2013 Ihre Kosmetik-Praxis in Herne<\/strong><\/p><p>Seit \u00fcber 20zig Jahren zufriedene Kunden!<\/p><p><strong>Sch\u00f6ne Haut ist kein Zufall \u2013 sondern das Ergebnis professioneller Pflege.<\/strong><br \/>In unserer Kosmetik-Praxis <strong>insachenhaut.de<\/strong> in Herne dreht sich alles um das gr\u00f6\u00dfte Organ des K\u00f6rpers: Ihre Haut. Wir bieten Ihnen moderne, effektive und individuell abgestimmte Behandlungen, um Ihre nat\u00fcrliche Sch\u00f6nheit zu unterstreichen und Ihre Haut langfristig gesund und strahlend zu erhalten.<\/p>\t\t\t\t\t\t<\/div>\n\t\t\t\t<\/div>\n\t\t\t\t<div class=\"elementor-element elementor-element-ec5544a elementor-widget elementor-widget-image\" data-id=\"ec5544a\" data-element_type=\"widget\" data-widget_type=\"image.default\">\n\t\t\t\t<div class=\"elementor-widget-container\">\n\t\t\t\t\t\t\t\t\t\t\t\t\t\t\t<img fetchpriority=\"high\" decoding=\"async\" width=\"525\" height=\"641\" src=\"https:\/\/insachenhaut.de\/wp-content\/uploads\/2020\/11\/fall-leaves-4393887_1920-839x1024.png\" class=\"attachment-large size-large wp-image-1290\" alt=\"\" srcset=\"https:\/\/insachenhaut.de\/wp-content\/uploads\/2020\/11\/fall-leaves-4393887_1920-839x1024.png 839w, https:\/\/insachenhaut.de\/wp-content\/uploads\/2020\/11\/fall-leaves-4393887_1920-246x300.png 246w, https:\/\/insachenhaut.de\/wp-content\/uploads\/2020\/11\/fall-leaves-4393887_1920-768x937.png 768w, https:\/\/insachenhaut.de\/wp-content\/uploads\/2020\/11\/fall-leaves-4393887_1920-1259x1536.png 1259w, https:\/\/insachenhaut.de\/wp-content\/uploads\/2020\/11\/fall-leaves-4393887_1920-600x732.png 600w, https:\/\/insachenhaut.de\/wp-content\/uploads\/2020\/11\/fall-leaves-4393887_1920.png 1574w\" sizes=\"100vw\" \/>\t\t\t\t\t\t\t\t\t\t\t\t\t\t\t<\/div>\n\t\t\t\t<\/div>\n\t\t\t\t<div class=\"elementor-element elementor-element-53f4ae1 elementor-widget__width-initial elementor-widget elementor-widget-text-editor\" data-id=\"53f4ae1\" data-element_type=\"widget\" data-widget_type=\"text-editor.default\">\n\t\t\t\t<div class=\"elementor-widget-container\">\n\t\t\t\t\t\t\t\t\t\t\t\t\t<\/div>\n\t\t\t\t<\/div>\n\t\t\t\t\t<\/div>\n\t\t<\/div>\n\t\t\t\t<div class=\"elementor-column elementor-col-33 elementor-inner-column elementor-element elementor-element-725da88\" data-id=\"725da88\" data-element_type=\"column\">\n\t\t\t<div class=\"elementor-widget-wrap elementor-element-populated\">\n\t\t\t\t\t\t\t\t<div class=\"elementor-element elementor-element-5242dd5 elementor-widget elementor-widget-text-editor\" data-id=\"5242dd5\" data-element_type=\"widget\" data-widget_type=\"text-editor.default\">\n\t\t\t\t<div class=\"elementor-widget-container\">\n\t\t\t\t\t\t\t<p><strong>\u00a0<\/strong><\/p><p><strong>Kontakt:<\/strong><\/p><p>Handy <strong>0173 466 28 08 <\/strong>E-Mail: info@insachenhaut.de\u00a0<\/p><p><strong>\u00d6ffnungszeiten:<\/strong><\/p><p><strong>Info! Osterferien vom 30.03 &#8211; 12.04.2026<\/strong><\/p><p>Ab\u00a0 Montag\u00a0 den 13.04.2026, freuen wir uns auf einen Besuch, von Ihnen!\u00a0<\/p><ul><li><p>Mo., Di., Mit., Do., Fr.: 10:00 bis 18:30 h<\/p><\/li><\/ul><ul><li><p>Sa., 10:00 bis 14:00 h<\/p><\/li><\/ul>\t\t\t\t\t\t<\/div>\n\t\t\t\t<\/div>\n\t\t\t\t\t<\/div>\n\t\t<\/div>\n\t\t\t\t\t\t\t<\/div>\n\t\t<\/section>\n\t\t\t\t<div class=\"elementor-element elementor-element-11881c7 elementor-widget elementor-widget-image\" data-id=\"11881c7\" data-element_type=\"widget\" data-widget_type=\"image.default\">\n\t\t\t\t<div class=\"elementor-widget-container\">\n\t\t\t\t\t\t\t\t\t\t\t\t\t\t\t<img decoding=\"async\" width=\"272\" height=\"300\" src=\"https:\/\/insachenhaut.de\/wp-content\/uploads\/2025\/06\/IMG_9732-272x300.jpg\" class=\"attachment-medium size-medium wp-image-2477\" alt=\"\" srcset=\"https:\/\/insachenhaut.de\/wp-content\/uploads\/2025\/06\/IMG_9732-272x300.jpg 272w, https:\/\/insachenhaut.de\/wp-content\/uploads\/2025\/06\/IMG_9732-929x1024.jpg 929w, https:\/\/insachenhaut.de\/wp-content\/uploads\/2025\/06\/IMG_9732-768x846.jpg 768w, https:\/\/insachenhaut.de\/wp-content\/uploads\/2025\/06\/IMG_9732.jpg 1118w\" sizes=\"100vw\" \/>\t\t\t\t\t\t\t\t\t\t\t\t\t\t\t<\/div>\n\t\t\t\t<\/div>\n\t\t\t\t\t<\/div>\n\t\t<\/div>\n\t\t\t\t\t\t\t<\/div>\n\t\t<\/section>\n\t\t\t\t<section class=\"elementor-section elementor-top-section elementor-element elementor-element-fafa715 elementor-section-boxed elementor-section-height-default elementor-section-height-default\" data-id=\"fafa715\" data-element_type=\"section\">\n\t\t\t\t\t\t<div class=\"elementor-container elementor-column-gap-default\">\n\t\t\t\t\t<div class=\"elementor-column elementor-col-100 elementor-top-column elementor-element elementor-element-2525522\" data-id=\"2525522\" data-element_type=\"column\">\n\t\t\t<div class=\"elementor-widget-wrap elementor-element-populated\">\n\t\t\t\t\t\t\t\t<div class=\"elementor-element elementor-element-60591cf elementor-widget elementor-widget-text-editor\" data-id=\"60591cf\" data-element_type=\"widget\" data-widget_type=\"text-editor.default\">\n\t\t\t\t<div class=\"elementor-widget-container\">\n\t\t\t\t\t\t\t<p><strong>Unsere Schwerpunkte:<\/strong><\/p><ul><li><strong>Nadelepilation &#8211; apparative Kosmetik<\/strong><\/li><\/ul><p>Durch Einf\u00fchrung einer d\u00fcnnen Nadel und Anwendung von ultraschnellem Strom erfolgt eine dauerhafte Zerst\u00f6rung des Haarwachstums<\/p><ul><li><strong>Dermakosmetik &amp; Hautbildverbesserung<\/strong><br \/>Akne, Rosazea, Pigmentflecken oder erste F\u00e4ltchen \u2013 wir k\u00fcmmern uns mit Fachwissen und modernster Technik um Ihre Hautprobleme.<\/li><li><strong>Apparative Kosmetik<\/strong><br \/>Microneedling, Ultraschall, \u2013 f\u00fcr sichtbare Ergebnisse ohne OP.<\/li><li><strong>Anti-Aging &amp; Pr\u00e4vention<\/strong><br \/>Individuelle Pflegekonzepte zur Erhaltung Ihrer jugendlichen Ausstrahlung.<\/li><li><strong>Wellness &amp; Entspannung<\/strong><br \/>Kosmetik ist mehr als Pflege \u2013 g\u00f6nnen Sie sich eine Auszeit f\u00fcr K\u00f6rper und Seele.<\/li><\/ul><p><strong>Warum insachenhaut.de?<\/strong><\/p><ul><li>Fachlich fundierte Hautpflege auf dem neuesten Stand der Kosmetologie<\/li><li>Pers\u00f6nliche, ehrliche Beratung und individuelle Behandlungspl\u00e4ne<\/li><li>Hochwertige Produkte mit dermatologisch getesteten Wirkstoffen<\/li><li>Angenehmes Ambiente in zentraler Lage in Herne<\/li><\/ul><p>\u2728 <strong>Ihre Haut verdient das Beste \u2013 vereinbaren Sie jetzt Ihren Termin und \u00fcberzeugen Sie sich selbst.<\/strong><br \/>\ud83d\udccd <strong>insachenhaut.de<\/strong> \u2013 Ihre Praxis f\u00fcr moderne Kosmetik &amp; Hautgesundheit in Herne<\/p>\t\t\t\t\t\t<\/div>\n\t\t\t\t<\/div>\n\t\t\t\t\t<\/div>\n\t\t<\/div>\n\t\t\t\t\t\t\t<\/div>\n\t\t<\/section>\n\t\t\t\t<section class=\"elementor-section elementor-top-section elementor-element elementor-element-a05ca3d elementor-section-boxed elementor-section-height-default elementor-section-height-default\" data-id=\"a05ca3d\" data-element_type=\"section\">\n\t\t\t\t\t\t<div class=\"elementor-container elementor-column-gap-default\">\n\t\t\t\t\t<div class=\"elementor-column elementor-col-100 elementor-top-column elementor-element elementor-element-8f7723d\" data-id=\"8f7723d\" data-element_type=\"column\">\n\t\t\t<div class=\"elementor-widget-wrap\">\n\t\t\t\t\t\t\t\t\t<\/div>\n\t\t<\/div>\n\t\t\t\t\t\t\t<\/div>\n\t\t<\/section>\n\t\t\t\t\t\t\t<\/div>\n\t\t","protected":false},"excerpt":{"rendered":"<p>Willkommen bei insachenhaut.de \u2013 Ihre Kosmetik-Praxis in Herne Sch\u00f6ne Haut ist kein Zufall \u2013 sondern das Ergebnis professioneller Pflege.In unserer Kosmetik-Praxis insachenhaut.de in Herne dreht sich alles um das gr\u00f6\u00dfte Organ des K\u00f6rpers: Ihre Haut. Wir bieten Ihnen moderne, effektive und individuell abgestimmte Behandlungen, um Ihre nat\u00fcrliche Sch\u00f6nheit zu unterstreichen und Ihre Haut langfristig gesund &hellip; <\/p>\n<p class=\"link-more\"><a href=\"https:\/\/insachenhaut.de\/home\/\" class=\"more-link\"><span class=\"screen-reader-text\">\u201eGuten Tag!\u201c<\/span> weiterlesen<\/a><\/p>\n","protected":false},"author":1,"featured_media":0,"parent":0,"menu_order":0,"comment_status":"closed","ping_status":"closed","template":"","meta":{"ngg_post_thumbnail":0,"footnotes":""},"class_list":["post-449","page","type-page","status-publish","hentry"],"yoast_head":"<!-- This site is optimized with the Yoast SEO plugin v21.9.1 - https:\/\/yoast.com\/wordpress\/plugins\/seo\/ -->\n<title>Guten Tag! - Insachenhaut.de<\/title>\n<meta name=\"robots\" content=\"index, follow, max-snippet:-1, max-image-preview:large, max-video-preview:-1\" \/>\n<link rel=\"canonical\" href=\"https:\/\/insachenhaut.de\/home\/\" \/>\n<meta property=\"og:locale\" content=\"de_DE\" \/>\n<meta property=\"og:type\" content=\"article\" \/>\n<meta property=\"og:title\" content=\"Guten Tag! - Insachenhaut.de\" \/>\n<meta property=\"og:description\" content=\"Willkommen bei insachenhaut.de \u2013 Ihre Kosmetik-Praxis in Herne Sch\u00f6ne Haut ist kein Zufall \u2013 sondern das Ergebnis professioneller Pflege.In unserer Kosmetik-Praxis insachenhaut.de in Herne dreht sich alles um das gr\u00f6\u00dfte Organ des K\u00f6rpers: Ihre Haut. Wir bieten Ihnen moderne, effektive und individuell abgestimmte Behandlungen, um Ihre nat\u00fcrliche Sch\u00f6nheit zu unterstreichen und Ihre Haut langfristig gesund &hellip; \u201eGuten Tag!\u201c weiterlesen\" \/>\n<meta property=\"og:url\" content=\"https:\/\/insachenhaut.de\/home\/\" \/>\n<meta property=\"og:site_name\" content=\"Insachenhaut.de\" \/>\n<meta property=\"article:modified_time\" content=\"2026-03-27T13:58:46+00:00\" \/>\n<meta name=\"twitter:card\" content=\"summary_large_image\" \/>\n<meta name=\"twitter:label1\" content=\"Gesch\u00e4tzte Lesezeit\" \/>\n\t<meta name=\"twitter:data1\" content=\"3\u00a0Minuten\" \/>\n<script type=\"application\/ld+json\" class=\"yoast-schema-graph\">{\"@context\":\"https:\/\/schema.org\",\"@graph\":[{\"@type\":\"WebPage\",\"@id\":\"https:\/\/insachenhaut.de\/home\/\",\"url\":\"https:\/\/insachenhaut.de\/home\/\",\"name\":\"Guten Tag! - Insachenhaut.de\",\"isPartOf\":{\"@id\":\"https:\/\/insachenhaut.de\/home\/#website\"},\"datePublished\":\"2020-09-20T10:40:40+00:00\",\"dateModified\":\"2026-03-27T13:58:46+00:00\",\"breadcrumb\":{\"@id\":\"https:\/\/insachenhaut.de\/home\/#breadcrumb\"},\"inLanguage\":\"de\",\"potentialAction\":[{\"@type\":\"ReadAction\",\"target\":[\"https:\/\/insachenhaut.de\/home\/\"]}]},{\"@type\":\"BreadcrumbList\",\"@id\":\"https:\/\/insachenhaut.de\/home\/#breadcrumb\",\"itemListElement\":[{\"@type\":\"ListItem\",\"position\":1,\"name\":\"Startseite\",\"item\":\"https:\/\/insachenhaut.de\/home\/\"},{\"@type\":\"ListItem\",\"position\":2,\"name\":\"Guten Tag!\"}]},{\"@type\":\"WebSite\",\"@id\":\"https:\/\/insachenhaut.de\/home\/#website\",\"url\":\"https:\/\/insachenhaut.de\/home\/\",\"name\":\"In-Sachen-Haut\",\"description\":\"K\u00f6rperpflege Gesichtspflege,-behandlung Hautpflege\",\"publisher\":{\"@id\":\"https:\/\/insachenhaut.de\/home\/#\/schema\/person\/a54e376041ba27256e94d9d15e106c16\"},\"potentialAction\":[{\"@type\":\"SearchAction\",\"target\":{\"@type\":\"EntryPoint\",\"urlTemplate\":\"https:\/\/insachenhaut.de\/home\/?s={search_term_string}\"},\"query-input\":\"required name=search_term_string\"}],\"inLanguage\":\"de\"},{\"@type\":[\"Person\",\"Organization\"],\"@id\":\"https:\/\/insachenhaut.de\/home\/#\/schema\/person\/a54e376041ba27256e94d9d15e106c16\",\"name\":\"peret\",\"image\":{\"@type\":\"ImageObject\",\"inLanguage\":\"de\",\"@id\":\"https:\/\/insachenhaut.de\/home\/#\/schema\/person\/image\/\",\"url\":\"https:\/\/secure.gravatar.com\/avatar\/0ba560741629e263aaef9c6d131cfb92af65dd3c8a49f31d39b790c32fffeb23?s=96&d=mm&r=g\",\"contentUrl\":\"https:\/\/secure.gravatar.com\/avatar\/0ba560741629e263aaef9c6d131cfb92af65dd3c8a49f31d39b790c32fffeb23?s=96&d=mm&r=g\",\"caption\":\"peret\"},\"logo\":{\"@id\":\"https:\/\/insachenhaut.de\/home\/#\/schema\/person\/image\/\"}}]}<\/script>\n<!-- \/ Yoast SEO plugin. -->","yoast_head_json":{"title":"Guten Tag! - Insachenhaut.de","robots":{"index":"index","follow":"follow","max-snippet":"max-snippet:-1","max-image-preview":"max-image-preview:large","max-video-preview":"max-video-preview:-1"},"canonical":"https:\/\/insachenhaut.de\/home\/","og_locale":"de_DE","og_type":"article","og_title":"Guten Tag! - Insachenhaut.de","og_description":"Willkommen bei insachenhaut.de \u2013 Ihre Kosmetik-Praxis in Herne Sch\u00f6ne Haut ist kein Zufall \u2013 sondern das Ergebnis professioneller Pflege.In unserer Kosmetik-Praxis insachenhaut.de in Herne dreht sich alles um das gr\u00f6\u00dfte Organ des K\u00f6rpers: Ihre Haut. Wir bieten Ihnen moderne, effektive und individuell abgestimmte Behandlungen, um Ihre nat\u00fcrliche Sch\u00f6nheit zu unterstreichen und Ihre Haut langfristig gesund &hellip; \u201eGuten Tag!\u201c weiterlesen","og_url":"https:\/\/insachenhaut.de\/home\/","og_site_name":"Insachenhaut.de","article_modified_time":"2026-03-27T13:58:46+00:00","twitter_card":"summary_large_image","twitter_misc":{"Gesch\u00e4tzte Lesezeit":"3\u00a0Minuten"},"schema":{"@context":"https:\/\/schema.org","@graph":[{"@type":"WebPage","@id":"https:\/\/insachenhaut.de\/home\/","url":"https:\/\/insachenhaut.de\/home\/","name":"Guten Tag! - Insachenhaut.de","isPartOf":{"@id":"https:\/\/insachenhaut.de\/home\/#website"},"datePublished":"2020-09-20T10:40:40+00:00","dateModified":"2026-03-27T13:58:46+00:00","breadcrumb":{"@id":"https:\/\/insachenhaut.de\/home\/#breadcrumb"},"inLanguage":"de","potentialAction":[{"@type":"ReadAction","target":["https:\/\/insachenhaut.de\/home\/"]}]},{"@type":"BreadcrumbList","@id":"https:\/\/insachenhaut.de\/home\/#breadcrumb","itemListElement":[{"@type":"ListItem","position":1,"name":"Startseite","item":"https:\/\/insachenhaut.de\/home\/"},{"@type":"ListItem","position":2,"name":"Guten Tag!"}]},{"@type":"WebSite","@id":"https:\/\/insachenhaut.de\/home\/#website","url":"https:\/\/insachenhaut.de\/home\/","name":"In-Sachen-Haut","description":"K\u00f6rperpflege Gesichtspflege,-behandlung Hautpflege","publisher":{"@id":"https:\/\/insachenhaut.de\/home\/#\/schema\/person\/a54e376041ba27256e94d9d15e106c16"},"potentialAction":[{"@type":"SearchAction","target":{"@type":"EntryPoint","urlTemplate":"https:\/\/insachenhaut.de\/home\/?s={search_term_string}"},"query-input":"required name=search_term_string"}],"inLanguage":"de"},{"@type":["Person","Organization"],"@id":"https:\/\/insachenhaut.de\/home\/#\/schema\/person\/a54e376041ba27256e94d9d15e106c16","name":"peret","image":{"@type":"ImageObject","inLanguage":"de","@id":"https:\/\/insachenhaut.de\/home\/#\/schema\/person\/image\/","url":"https:\/\/secure.gravatar.com\/avatar\/0ba560741629e263aaef9c6d131cfb92af65dd3c8a49f31d39b790c32fffeb23?s=96&d=mm&r=g","contentUrl":"https:\/\/secure.gravatar.com\/avatar\/0ba560741629e263aaef9c6d131cfb92af65dd3c8a49f31d39b790c32fffeb23?s=96&d=mm&r=g","caption":"peret"},"logo":{"@id":"https:\/\/insachenhaut.de\/home\/#\/schema\/person\/image\/"}}]}},"_links":{"self":[{"href":"https:\/\/insachenhaut.de\/home\/wp-json\/wp\/v2\/pages\/449","targetHints":{"allow":["GET"]}}],"collection":[{"href":"https:\/\/insachenhaut.de\/home\/wp-json\/wp\/v2\/pages"}],"about":[{"href":"https:\/\/insachenhaut.de\/home\/wp-json\/wp\/v2\/types\/page"}],"author":[{"embeddable":true,"href":"https:\/\/insachenhaut.de\/home\/wp-json\/wp\/v2\/users\/1"}],"replies":[{"embeddable":true,"href":"https:\/\/insachenhaut.de\/home\/wp-json\/wp\/v2\/comments?post=449"}],"version-history":[{"count":290,"href":"https:\/\/insachenhaut.de\/home\/wp-json\/wp\/v2\/pages\/449\/revisions"}],"predecessor-version":[{"id":2558,"href":"https:\/\/insachenhaut.de\/home\/wp-json\/wp\/v2\/pages\/449\/revisions\/2558"}],"wp:attachment":[{"href":"https:\/\/insachenhaut.de\/home\/wp-json\/wp\/v2\/media?parent=449"}],"curies":[{"name":"wp","href":"https:\/\/api.w.org\/{rel}","templated":true}]}}